{"id":3734,"date":"2024-10-11T10:28:45","date_gmt":"2024-10-11T08:28:45","guid":{"rendered":"https:\/\/fimif.farmaciferati.al\/?page_id=3734"},"modified":"2025-01-10T16:17:19","modified_gmt":"2025-01-10T15:17:19","slug":"cv-silvana-vishkurti","status":"publish","type":"page","link":"https:\/\/fimif.edu.al\/en\/departamentet\/qendra-e-gjuheve-te-huaja\/grupi-mesimor-kerkimor-qendra-e-gjuheve-te-huaja\/gjuhe-te-tjera\/cv-silvana-vishkurti\/","title":{"rendered":"CV Silvana VISHKURTI"},"content":{"rendered":"<div data-elementor-type=\"wp-page\" data-elementor-id=\"3734\" class=\"elementor elementor-3734\" data-elementor-post-type=\"page\">\n\t\t\t\t<div class=\"elementor-element elementor-element-1087fc3 e-con-full e-flex e-con e-parent\" data-id=\"1087fc3\" data-element_type=\"container\" data-e-type=\"container\">\n\t\t\t\t<div class=\"elementor-element elementor-element-d65b559 elementor-widget elementor-widget-template\" data-id=\"d65b559\" data-element_type=\"widget\" data-e-type=\"widget\" data-widget_type=\"template.default\">\n\t\t\t\t<div class=\"elementor-widget-container\">\n\t\t\t\t\t\t\t<div class=\"elementor-template\">\n\t\t\t\t\t<div data-elementor-type=\"container\" data-elementor-id=\"3550\" class=\"elementor elementor-3550\" data-elementor-post-type=\"elementor_library\">\n\t\t\t\t<div class=\"elementor-element elementor-element-9293d27 e-flex e-con-boxed e-con e-parent\" data-id=\"9293d27\" data-element_type=\"container\" data-e-type=\"container\" data-settings=\"{&quot;background_background&quot;:&quot;classic&quot;}\">\n\t\t\t\t\t<div class=\"e-con-inner\">\n\t\t\t\t\t<\/div>\n\t\t\t\t<\/div>\n\t\t\t\t<\/div>\n\t\t\t\t<\/div>\n\t\t\t\t\t\t<\/div>\n\t\t\t\t<\/div>\n\t\t\t\t<\/div>\n\t\t<div class=\"elementor-element elementor-element-3f13a8e e-flex e-con-boxed e-con e-parent\" data-id=\"3f13a8e\" data-element_type=\"container\" data-e-type=\"container\">\n\t\t\t\t\t<div class=\"e-con-inner\">\n\t\t<div class=\"elementor-element elementor-element-cf78097 e-con-full e-flex e-con e-child\" data-id=\"cf78097\" data-element_type=\"container\" data-e-type=\"container\" data-settings=\"{&quot;background_background&quot;:&quot;classic&quot;}\">\n\t\t\t\t<div class=\"elementor-element elementor-element-9e84369 elementor-widget elementor-widget-image\" data-id=\"9e84369\" data-element_type=\"widget\" data-e-type=\"widget\" data-widget_type=\"image.default\">\n\t\t\t\t<div class=\"elementor-widget-container\">\n\t\t\t\t\t\t\t\t\t\t\t\t\t\t\t<img decoding=\"async\" width=\"73\" height=\"122\" src=\"https:\/\/fimif.edu.al\/wp-content\/uploads\/2024\/10\/SILVANA-VISHKURTI.png\" class=\"attachment-full size-full wp-image-3763\" alt=\"\" srcset=\"https:\/\/fimif.edu.al\/wp-content\/uploads\/2024\/10\/SILVANA-VISHKURTI.png 73w, https:\/\/fimif.edu.al\/wp-content\/uploads\/2024\/10\/SILVANA-VISHKURTI-7x12.png 7w\" sizes=\"(max-width: 73px) 100vw, 73px\" \/>\t\t\t\t\t\t\t\t\t\t\t\t\t\t\t<\/div>\n\t\t\t\t<\/div>\n\t\t\t\t<div class=\"elementor-element elementor-element-e93abdb elementor-widget-divider--view-line_text elementor-widget-divider--element-align-center elementor-widget elementor-widget-divider\" data-id=\"e93abdb\" data-element_type=\"widget\" data-e-type=\"widget\" data-widget_type=\"divider.default\">\n\t\t\t\t<div class=\"elementor-widget-container\">\n\t\t\t\t\t\t\t<div class=\"elementor-divider\">\n\t\t\t<span class=\"elementor-divider-separator\">\n\t\t\t\t\t\t\t<h2 class=\"elementor-divider__text elementor-divider__element\">\n\t\t\t\tEdukimi\t\t\t\t<\/h2>\n\t\t\t\t\t\t<\/span>\n\t\t<\/div>\n\t\t\t\t\t\t<\/div>\n\t\t\t\t<\/div>\n\t\t\t\t<div class=\"elementor-element elementor-element-bf80871 elementor-widget elementor-widget-text-editor\" data-id=\"bf80871\" data-element_type=\"widget\" data-e-type=\"widget\" data-widget_type=\"text-editor.default\">\n\t\t\t\t<div class=\"elementor-widget-container\">\n\t\t\t\t\t\t\t\t\t<p><strong>Prof.Dr. Silvana Vishkurti <\/strong>\u00ebsht\u00eb pedagoge e gjuh\u00ebs fr\u00ebnge pran\u00eb Qendr\u00ebs s\u00eb Gjuh\u00ebve t\u00eb Huaja, n\u00eb Fakultetin e Inxhinieris\u00eb Matematike dhe t\u00eb Inxhinieris\u00eb Fizike (FIMIF), n\u00eb Universitetin Politeknik t\u00eb Tiran\u00ebs.<\/p><p>N\u00eb vitin 2016 ka marr\u00eb titullin \u201cProfesor\u201d n\u00eb fush\u00ebn e Shkencave Gjuh\u00ebsore n\u00eb Fakultetin e Gjuh\u00ebve t\u00eb Huaja, Departamenti i Gjuh\u00ebs Fr\u00ebnge n\u00eb Universitetin e Tiran\u00ebs. N\u00eb vitin 2011, ka mbrojtur titullin \u201cProfesor i Asociuar\u201d, pran\u00eb FIMIF, n\u00eb Universitetin Politeknik t\u00eb Tiran\u00ebs. N\u00eb vitin 2006 ka marr\u00eb grad\u00ebn \u201cDoktor i shkencave\u201d n\u00eb fush\u00ebn e komunikimit n\u00eb gjuh\u00ebn shqipe dhe at\u00eb fr\u00ebnge pran\u00eb Universitetit t\u00eb Tiran\u00ebs.\u00a0 Studimet e saj t\u00eb larta i ka mbaruar n\u00eb vitin 1990 n\u00eb Fakultetin e Historis\u00eb dhe t\u00eb Filologjis\u00eb t\u00eb Universitetit t\u00eb Tiran\u00ebs ku dhe \u00ebsht\u00eb diplomuar si \u201cM\u00ebsuese e gjuh\u00ebs dhe let\u00ebrsis\u00eb franceze\u201d. <\/p>\t\t\t\t\t\t\t\t<\/div>\n\t\t\t\t<\/div>\n\t\t\t\t<div class=\"elementor-element elementor-element-6bd67f2 elementor-widget-divider--view-line_text elementor-widget-divider--element-align-center elementor-widget elementor-widget-divider\" data-id=\"6bd67f2\" data-element_type=\"widget\" data-e-type=\"widget\" data-widget_type=\"divider.default\">\n\t\t\t\t<div class=\"elementor-widget-container\">\n\t\t\t\t\t\t\t<div class=\"elementor-divider\">\n\t\t\t<span class=\"elementor-divider-separator\">\n\t\t\t\t\t\t\t<h2 class=\"elementor-divider__text elementor-divider__element\">\n\t\t\t\tPun\u00ebsimi dhe funksione akademike\t\t\t\t<\/h2>\n\t\t\t\t\t\t<\/span>\n\t\t<\/div>\n\t\t\t\t\t\t<\/div>\n\t\t\t\t<\/div>\n\t\t\t\t<div class=\"elementor-element elementor-element-0f1ea44 elementor-widget elementor-widget-text-editor\" data-id=\"0f1ea44\" data-element_type=\"widget\" data-e-type=\"widget\" data-widget_type=\"text-editor.default\">\n\t\t\t\t<div class=\"elementor-widget-container\">\n\t\t\t\t\t\t\t\t\t<p>Gjat\u00eb vitit shkollor 1990-1991 punon si m\u00ebsuese e gjuh\u00ebs fr\u00ebnge n\u00eb shkoll\u00ebn \u201cHamdi Kullafi\u201d, Let\u00ebm, Librazhd. Gjat\u00eb periudh\u00ebs 1991-1993 punon si pedagoge e jashtme pran\u00eb Departamentit t\u00eb gjuh\u00ebs fr\u00ebnge n\u00eb Fakultetin e Gjuh\u00ebve t\u00eb Huaja t\u00eb Universitetit t\u00eb Tiran\u00ebs. Q\u00eb prej vitit 1993 e deri m\u00eb tani, \u00ebsht\u00eb pedagoge me koh\u00eb t\u00eb plot\u00eb pran\u00eb Qendr\u00ebs s\u00eb Gjuh\u00ebve t\u00eb huaja pran\u00eb FIMIF, n\u00eb Universitetin Politeknik t\u00eb Tiran\u00ebs. Gjat\u00eb k\u00ebsaj periudhe, n\u00eb nivelin Bachelor dhe Master, ka qen\u00eb apo dhe \u00ebsht\u00eb titullare e l\u00ebnd\u00ebve t\u00eb tilla si: Gjuh\u00eb fr\u00ebnge e komunikimit profesional (UPT), Kultur\u00eb evropiane (UPT), Komunikimi dhe menaxhimi inxhinierik (UPT), Komunikimi dhe k\u00ebrkimi shkencor (UPT), Gjuha fr\u00ebnge si gjuh\u00eb e huaj (UT), Hyrje n\u00eb psikologjin\u00eb e marr\u00ebdh\u00ebnieve sociale (UT), Tipologji teksti (UT), Komunikimi nd\u00ebrpersonal dhe komunikimi me an\u00eb t\u00eb reklam\u00ebs (UT).<\/p><p>Ajo ka qen\u00eb an\u00ebtare e grupit t\u00eb cil\u00ebsis\u00eb (2010-2011), FIMIF, UPT. Gjat\u00eb periudh\u00ebs 2009-2020 ka qen\u00eb p\u00ebrgjegj\u00ebse e grupit k\u00ebrkimor t\u00eb gjuh\u00ebve t\u00eb tjera p\u00ebrve\u00e7 anglishtes pran\u00eb Qendr\u00ebs s\u00eb Gjuh\u00ebve t\u00eb Huaja (UPT) si dhe an\u00ebtare e K\u00ebshillit t\u00eb Profesor\u00ebve (2016-2019), FIMIF, UPT. <\/p>\t\t\t\t\t\t\t\t<\/div>\n\t\t\t\t<\/div>\n\t\t\t\t<div class=\"elementor-element elementor-element-c287e0a elementor-widget-divider--view-line_text elementor-widget-divider--element-align-center elementor-widget elementor-widget-divider\" data-id=\"c287e0a\" data-element_type=\"widget\" data-e-type=\"widget\" data-widget_type=\"divider.default\">\n\t\t\t\t<div class=\"elementor-widget-container\">\n\t\t\t\t\t\t\t<div class=\"elementor-divider\">\n\t\t\t<span class=\"elementor-divider-separator\">\n\t\t\t\t\t\t\t<h2 class=\"elementor-divider__text elementor-divider__element\">\n\t\t\t\tAktiviteti shkencor\t\t\t\t<\/h2>\n\t\t\t\t\t\t<\/span>\n\t\t<\/div>\n\t\t\t\t\t\t<\/div>\n\t\t\t\t<\/div>\n\t\t\t\t<div class=\"elementor-element elementor-element-1af26d8 elementor-widget elementor-widget-text-editor\" data-id=\"1af26d8\" data-element_type=\"widget\" data-e-type=\"widget\" data-widget_type=\"text-editor.default\">\n\t\t\t\t<div class=\"elementor-widget-container\">\n\t\t\t\t\t\t\t\t\t<p>N\u00eb veprimtarin\u00eb e saj botuese p\u00ebrfshihet botimi i tre librave n\u00eb fushat ku ajo e ushtron veprimtarin\u00eb e saj m\u00ebsimdh\u00ebn\u00ebse e k\u00ebrkimore. Ajo \u00ebsht\u00eb redaktore dhe re\u00e7ensente e mjaft botimeve n\u00eb fush\u00ebn e gjuh\u00ebs n\u00eb p\u00ebrgjith\u00ebsi dhe t\u00eb asaj terminologjike n\u00eb ve\u00e7anti. Ajo ka marr\u00eb pjes\u00eb n\u00eb dy projekte t\u00eb mb\u00ebshtetura nga Agjensia Universitare e Frankofonis\u00eb (AUF) dhe Qendra frankofone p\u00ebr Evrop\u00ebn Qendrore dhe Juglindore (CREFECO). Ajo \u00ebsht\u00eb gjithashtu Formatore e AUF.<\/p><p>N\u00eb veprimtarin\u00eb e saj k\u00ebrkimore num\u00ebrohen m\u00eb shum\u00eb se 16 artikuj dhe 26 konferenca shkencore brenda dhe jasht\u00eb vendit. Fushat aktuale t\u00eb k\u00ebrkimit jan\u00eb:<strong> \u201c<\/strong>Ndikimi i aft\u00ebsive shum\u00ebgjuh\u00ebshe n\u00eb m\u00ebsimin e gjuh\u00ebs fr\u00ebnge\u201d, \u201cShkrimet profesionale n\u00eb nd\u00ebrmarrje\u201d si dhe \u201cVe\u00e7ori t\u00eb komunikimit me an\u00eb t\u00eb reklam\u00ebs n\u00eb Shqip\u00ebri gjat\u00eb periudh\u00ebs s\u00eb dy luftrave bot\u00ebrore\u201d. <\/p>\t\t\t\t\t\t\t\t<\/div>\n\t\t\t\t<\/div>\n\t\t\t\t<\/div>\n\t\t\t\t\t<\/div>\n\t\t\t\t<\/div>\n\t\t\t\t<\/div>","protected":false},"excerpt":{"rendered":"<p>Edukimi Prof.Dr. Silvana Vishkurti \u00ebsht\u00eb pedagoge e gjuh\u00ebs fr\u00ebnge pran\u00eb Qendr\u00ebs s\u00eb Gjuh\u00ebve t\u00eb Huaja, n\u00eb Fakultetin e Inxhinieris\u00eb Matematike dhe t\u00eb Inxhinieris\u00eb Fizike (FIMIF), n\u00eb Universitetin Politeknik t\u00eb Tiran\u00ebs. N\u00eb vitin 2016 ka marr\u00eb titullin \u201cProfesor\u201d n\u00eb fush\u00ebn e Shkencave Gjuh\u00ebsore n\u00eb Fakultetin e Gjuh\u00ebve t\u00eb Huaja, Departamenti i Gjuh\u00ebs Fr\u00ebnge n\u00eb Universitetin e [&hellip;]<\/p>\n","protected":false},"author":1,"featured_media":0,"parent":5709,"menu_order":0,"comment_status":"closed","ping_status":"closed","template":"","meta":{"footnotes":""},"class_list":["post-3734","page","type-page","status-publish","hentry"],"yoast_head":"<!-- This site is optimized with the Yoast SEO plugin v27.4 - https:\/\/yoast.com\/product\/yoast-seo-wordpress\/ -->\n<title>CV Silvana VISHKURTI - Fakulteti i Inxhinieris\u00eb Matematike dhe Inxhinieris\u00eb Fizike<\/title>\n<meta name=\"robots\" content=\"index, follow, max-snippet:-1, max-image-preview:large, max-video-preview:-1\" \/>\n<link rel=\"canonical\" href=\"https:\/\/fimif.edu.al\/en\/departamentet\/qendra-e-gjuheve-te-huaja\/grupi-mesimor-kerkimor-qendra-e-gjuheve-te-huaja\/gjuhe-te-tjera\/cv-silvana-vishkurti\/\" \/>\n<meta property=\"og:locale\" content=\"en_GB\" \/>\n<meta property=\"og:type\" content=\"article\" \/>\n<meta property=\"og:title\" content=\"CV Silvana VISHKURTI - Fakulteti i Inxhinieris\u00eb Matematike dhe Inxhinieris\u00eb Fizike\" \/>\n<meta property=\"og:description\" content=\"Edukimi Prof.Dr. Silvana Vishkurti \u00ebsht\u00eb pedagoge e gjuh\u00ebs fr\u00ebnge pran\u00eb Qendr\u00ebs s\u00eb Gjuh\u00ebve t\u00eb Huaja, n\u00eb Fakultetin e Inxhinieris\u00eb Matematike dhe t\u00eb Inxhinieris\u00eb Fizike (FIMIF), n\u00eb Universitetin Politeknik t\u00eb Tiran\u00ebs. N\u00eb vitin 2016 ka marr\u00eb titullin \u201cProfesor\u201d n\u00eb fush\u00ebn e Shkencave Gjuh\u00ebsore n\u00eb Fakultetin e Gjuh\u00ebve t\u00eb Huaja, Departamenti i Gjuh\u00ebs Fr\u00ebnge n\u00eb Universitetin e [&hellip;]\" \/>\n<meta property=\"og:url\" content=\"https:\/\/fimif.edu.al\/en\/departamentet\/qendra-e-gjuheve-te-huaja\/grupi-mesimor-kerkimor-qendra-e-gjuheve-te-huaja\/gjuhe-te-tjera\/cv-silvana-vishkurti\/\" \/>\n<meta property=\"og:site_name\" content=\"Fakulteti i Inxhinieris\u00eb Matematike dhe Inxhinieris\u00eb Fizike\" \/>\n<meta property=\"article:publisher\" content=\"https:\/\/www.facebook.com\/p\/Departamenti-i-Inxhinierise-Matematike-FIMIF-UPT-100077435994252\/\" \/>\n<meta property=\"article:modified_time\" content=\"2025-01-10T15:17:19+00:00\" \/>\n<meta property=\"og:image\" content=\"https:\/\/fimif.edu.al\/wp-content\/uploads\/2024\/10\/SILVANA-VISHKURTI.png\" \/>\n\t<meta property=\"og:image:width\" content=\"73\" \/>\n\t<meta property=\"og:image:height\" content=\"122\" \/>\n\t<meta property=\"og:image:type\" content=\"image\/png\" \/>\n<meta name=\"twitter:card\" content=\"summary_large_image\" \/>\n<meta name=\"twitter:label1\" content=\"Estimated reading time\" \/>\n\t<meta name=\"twitter:data1\" content=\"3 minutes\" \/>\n<script type=\"application\/ld+json\" class=\"yoast-schema-graph\">{\"@context\":\"https:\\\/\\\/schema.org\",\"@graph\":[{\"@type\":\"WebPage\",\"@id\":\"https:\\\/\\\/fimif.edu.al\\\/departamentet\\\/qendra-e-gjuheve-te-huaja\\\/grupi-mesimor-kerkimor-qendra-e-gjuheve-te-huaja\\\/gjuhe-te-tjera\\\/cv-silvana-vishkurti\\\/\",\"url\":\"https:\\\/\\\/fimif.edu.al\\\/departamentet\\\/qendra-e-gjuheve-te-huaja\\\/grupi-mesimor-kerkimor-qendra-e-gjuheve-te-huaja\\\/gjuhe-te-tjera\\\/cv-silvana-vishkurti\\\/\",\"name\":\"CV Silvana VISHKURTI - Fakulteti i Inxhinieris\u00eb Matematike dhe Inxhinieris\u00eb Fizike\",\"isPartOf\":{\"@id\":\"https:\\\/\\\/fimif.edu.al\\\/#website\"},\"primaryImageOfPage\":{\"@id\":\"https:\\\/\\\/fimif.edu.al\\\/departamentet\\\/qendra-e-gjuheve-te-huaja\\\/grupi-mesimor-kerkimor-qendra-e-gjuheve-te-huaja\\\/gjuhe-te-tjera\\\/cv-silvana-vishkurti\\\/#primaryimage\"},\"image\":{\"@id\":\"https:\\\/\\\/fimif.edu.al\\\/departamentet\\\/qendra-e-gjuheve-te-huaja\\\/grupi-mesimor-kerkimor-qendra-e-gjuheve-te-huaja\\\/gjuhe-te-tjera\\\/cv-silvana-vishkurti\\\/#primaryimage\"},\"thumbnailUrl\":\"https:\\\/\\\/fimif.edu.al\\\/wp-content\\\/uploads\\\/2024\\\/10\\\/SILVANA-VISHKURTI.png\",\"datePublished\":\"2024-10-11T08:28:45+00:00\",\"dateModified\":\"2025-01-10T15:17:19+00:00\",\"breadcrumb\":{\"@id\":\"https:\\\/\\\/fimif.edu.al\\\/departamentet\\\/qendra-e-gjuheve-te-huaja\\\/grupi-mesimor-kerkimor-qendra-e-gjuheve-te-huaja\\\/gjuhe-te-tjera\\\/cv-silvana-vishkurti\\\/#breadcrumb\"},\"inLanguage\":\"en-GB\",\"potentialAction\":[{\"@type\":\"ReadAction\",\"target\":[\"https:\\\/\\\/fimif.edu.al\\\/departamentet\\\/qendra-e-gjuheve-te-huaja\\\/grupi-mesimor-kerkimor-qendra-e-gjuheve-te-huaja\\\/gjuhe-te-tjera\\\/cv-silvana-vishkurti\\\/\"]}]},{\"@type\":\"ImageObject\",\"inLanguage\":\"en-GB\",\"@id\":\"https:\\\/\\\/fimif.edu.al\\\/departamentet\\\/qendra-e-gjuheve-te-huaja\\\/grupi-mesimor-kerkimor-qendra-e-gjuheve-te-huaja\\\/gjuhe-te-tjera\\\/cv-silvana-vishkurti\\\/#primaryimage\",\"url\":\"https:\\\/\\\/fimif.edu.al\\\/wp-content\\\/uploads\\\/2024\\\/10\\\/SILVANA-VISHKURTI.png\",\"contentUrl\":\"https:\\\/\\\/fimif.edu.al\\\/wp-content\\\/uploads\\\/2024\\\/10\\\/SILVANA-VISHKURTI.png\"},{\"@type\":\"BreadcrumbList\",\"@id\":\"https:\\\/\\\/fimif.edu.al\\\/departamentet\\\/qendra-e-gjuheve-te-huaja\\\/grupi-mesimor-kerkimor-qendra-e-gjuheve-te-huaja\\\/gjuhe-te-tjera\\\/cv-silvana-vishkurti\\\/#breadcrumb\",\"itemListElement\":[{\"@type\":\"ListItem\",\"position\":1,\"name\":\"Home\",\"item\":\"https:\\\/\\\/fimif.edu.al\\\/\"},{\"@type\":\"ListItem\",\"position\":2,\"name\":\"Departamentet\",\"item\":\"https:\\\/\\\/fimif.edu.al\\\/departamentet\\\/\"},{\"@type\":\"ListItem\",\"position\":3,\"name\":\"Qendra e Gjuh\u00ebve t\u00eb Huaja\",\"item\":\"https:\\\/\\\/fimif.edu.al\\\/departamentet\\\/qendra-e-gjuheve-te-huaja\\\/\"},{\"@type\":\"ListItem\",\"position\":4,\"name\":\"Grupi M\u00ebsimor K\u00ebrkimor Q\u00ebndra e Gjuh\u00ebve t\u00eb Huaja\",\"item\":\"https:\\\/\\\/fimif.edu.al\\\/departamentet\\\/qendra-e-gjuheve-te-huaja\\\/grupi-mesimor-kerkimor-qendra-e-gjuheve-te-huaja\\\/\"},{\"@type\":\"ListItem\",\"position\":5,\"name\":\"Gjuh\u00eb t\u00eb Tjera\",\"item\":\"https:\\\/\\\/fimif.edu.al\\\/departamentet\\\/qendra-e-gjuheve-te-huaja\\\/grupi-mesimor-kerkimor-qendra-e-gjuheve-te-huaja\\\/gjuhe-te-tjera\\\/\"},{\"@type\":\"ListItem\",\"position\":6,\"name\":\"CV Silvana VISHKURTI\"}]},{\"@type\":\"WebSite\",\"@id\":\"https:\\\/\\\/fimif.edu.al\\\/#website\",\"url\":\"https:\\\/\\\/fimif.edu.al\\\/\",\"name\":\"Fakulteti i Inxhinieris\u00eb Matematike dhe Inxhinieris\u00eb Fizike\",\"description\":\"FIMIF, UPT Tirane\",\"publisher\":{\"@id\":\"https:\\\/\\\/fimif.edu.al\\\/#organization\"},\"potentialAction\":[{\"@type\":\"SearchAction\",\"target\":{\"@type\":\"EntryPoint\",\"urlTemplate\":\"https:\\\/\\\/fimif.edu.al\\\/?s={search_term_string}\"},\"query-input\":{\"@type\":\"PropertyValueSpecification\",\"valueRequired\":true,\"valueName\":\"search_term_string\"}}],\"inLanguage\":\"en-GB\"},{\"@type\":\"Organization\",\"@id\":\"https:\\\/\\\/fimif.edu.al\\\/#organization\",\"name\":\"Fakulteti i Inxhinieris\u00eb Matematike dhe Inxhinieris\u00eb Fizike\",\"url\":\"https:\\\/\\\/fimif.edu.al\\\/\",\"logo\":{\"@type\":\"ImageObject\",\"inLanguage\":\"en-GB\",\"@id\":\"https:\\\/\\\/fimif.edu.al\\\/#\\\/schema\\\/logo\\\/image\\\/\",\"url\":\"https:\\\/\\\/fimif.edu.al\\\/wp-content\\\/uploads\\\/2024\\\/10\\\/Fimif-Logo.svg\",\"contentUrl\":\"https:\\\/\\\/fimif.edu.al\\\/wp-content\\\/uploads\\\/2024\\\/10\\\/Fimif-Logo.svg\",\"width\":653,\"height\":219,\"caption\":\"Fakulteti i Inxhinieris\u00eb Matematike dhe Inxhinieris\u00eb Fizike\"},\"image\":{\"@id\":\"https:\\\/\\\/fimif.edu.al\\\/#\\\/schema\\\/logo\\\/image\\\/\"},\"sameAs\":[\"https:\\\/\\\/www.facebook.com\\\/p\\\/Departamenti-i-Inxhinierise-Matematike-FIMIF-UPT-100077435994252\\\/\"]}]}<\/script>\n<!-- \/ Yoast SEO plugin. -->","yoast_head_json":{"title":"CV Silvana VISHKURTI - Fakulteti i Inxhinieris\u00eb Matematike dhe Inxhinieris\u00eb Fizike","robots":{"index":"index","follow":"follow","max-snippet":"max-snippet:-1","max-image-preview":"max-image-preview:large","max-video-preview":"max-video-preview:-1"},"canonical":"https:\/\/fimif.edu.al\/en\/departamentet\/qendra-e-gjuheve-te-huaja\/grupi-mesimor-kerkimor-qendra-e-gjuheve-te-huaja\/gjuhe-te-tjera\/cv-silvana-vishkurti\/","og_locale":"en_GB","og_type":"article","og_title":"CV Silvana VISHKURTI - Fakulteti i Inxhinieris\u00eb Matematike dhe Inxhinieris\u00eb Fizike","og_description":"Edukimi Prof.Dr. Silvana Vishkurti \u00ebsht\u00eb pedagoge e gjuh\u00ebs fr\u00ebnge pran\u00eb Qendr\u00ebs s\u00eb Gjuh\u00ebve t\u00eb Huaja, n\u00eb Fakultetin e Inxhinieris\u00eb Matematike dhe t\u00eb Inxhinieris\u00eb Fizike (FIMIF), n\u00eb Universitetin Politeknik t\u00eb Tiran\u00ebs. N\u00eb vitin 2016 ka marr\u00eb titullin \u201cProfesor\u201d n\u00eb fush\u00ebn e Shkencave Gjuh\u00ebsore n\u00eb Fakultetin e Gjuh\u00ebve t\u00eb Huaja, Departamenti i Gjuh\u00ebs Fr\u00ebnge n\u00eb Universitetin e [&hellip;]","og_url":"https:\/\/fimif.edu.al\/en\/departamentet\/qendra-e-gjuheve-te-huaja\/grupi-mesimor-kerkimor-qendra-e-gjuheve-te-huaja\/gjuhe-te-tjera\/cv-silvana-vishkurti\/","og_site_name":"Fakulteti i Inxhinieris\u00eb Matematike dhe Inxhinieris\u00eb Fizike","article_publisher":"https:\/\/www.facebook.com\/p\/Departamenti-i-Inxhinierise-Matematike-FIMIF-UPT-100077435994252\/","article_modified_time":"2025-01-10T15:17:19+00:00","og_image":[{"width":73,"height":122,"url":"https:\/\/fimif.edu.al\/wp-content\/uploads\/2024\/10\/SILVANA-VISHKURTI.png","type":"image\/png"}],"twitter_card":"summary_large_image","twitter_misc":{"Estimated reading time":"3 minutes"},"schema":{"@context":"https:\/\/schema.org","@graph":[{"@type":"WebPage","@id":"https:\/\/fimif.edu.al\/departamentet\/qendra-e-gjuheve-te-huaja\/grupi-mesimor-kerkimor-qendra-e-gjuheve-te-huaja\/gjuhe-te-tjera\/cv-silvana-vishkurti\/","url":"https:\/\/fimif.edu.al\/departamentet\/qendra-e-gjuheve-te-huaja\/grupi-mesimor-kerkimor-qendra-e-gjuheve-te-huaja\/gjuhe-te-tjera\/cv-silvana-vishkurti\/","name":"CV Silvana VISHKURTI - Fakulteti i Inxhinieris\u00eb Matematike dhe Inxhinieris\u00eb Fizike","isPartOf":{"@id":"https:\/\/fimif.edu.al\/#website"},"primaryImageOfPage":{"@id":"https:\/\/fimif.edu.al\/departamentet\/qendra-e-gjuheve-te-huaja\/grupi-mesimor-kerkimor-qendra-e-gjuheve-te-huaja\/gjuhe-te-tjera\/cv-silvana-vishkurti\/#primaryimage"},"image":{"@id":"https:\/\/fimif.edu.al\/departamentet\/qendra-e-gjuheve-te-huaja\/grupi-mesimor-kerkimor-qendra-e-gjuheve-te-huaja\/gjuhe-te-tjera\/cv-silvana-vishkurti\/#primaryimage"},"thumbnailUrl":"https:\/\/fimif.edu.al\/wp-content\/uploads\/2024\/10\/SILVANA-VISHKURTI.png","datePublished":"2024-10-11T08:28:45+00:00","dateModified":"2025-01-10T15:17:19+00:00","breadcrumb":{"@id":"https:\/\/fimif.edu.al\/departamentet\/qendra-e-gjuheve-te-huaja\/grupi-mesimor-kerkimor-qendra-e-gjuheve-te-huaja\/gjuhe-te-tjera\/cv-silvana-vishkurti\/#breadcrumb"},"inLanguage":"en-GB","potentialAction":[{"@type":"ReadAction","target":["https:\/\/fimif.edu.al\/departamentet\/qendra-e-gjuheve-te-huaja\/grupi-mesimor-kerkimor-qendra-e-gjuheve-te-huaja\/gjuhe-te-tjera\/cv-silvana-vishkurti\/"]}]},{"@type":"ImageObject","inLanguage":"en-GB","@id":"https:\/\/fimif.edu.al\/departamentet\/qendra-e-gjuheve-te-huaja\/grupi-mesimor-kerkimor-qendra-e-gjuheve-te-huaja\/gjuhe-te-tjera\/cv-silvana-vishkurti\/#primaryimage","url":"https:\/\/fimif.edu.al\/wp-content\/uploads\/2024\/10\/SILVANA-VISHKURTI.png","contentUrl":"https:\/\/fimif.edu.al\/wp-content\/uploads\/2024\/10\/SILVANA-VISHKURTI.png"},{"@type":"BreadcrumbList","@id":"https:\/\/fimif.edu.al\/departamentet\/qendra-e-gjuheve-te-huaja\/grupi-mesimor-kerkimor-qendra-e-gjuheve-te-huaja\/gjuhe-te-tjera\/cv-silvana-vishkurti\/#breadcrumb","itemListElement":[{"@type":"ListItem","position":1,"name":"Home","item":"https:\/\/fimif.edu.al\/"},{"@type":"ListItem","position":2,"name":"Departamentet","item":"https:\/\/fimif.edu.al\/departamentet\/"},{"@type":"ListItem","position":3,"name":"Qendra e Gjuh\u00ebve t\u00eb Huaja","item":"https:\/\/fimif.edu.al\/departamentet\/qendra-e-gjuheve-te-huaja\/"},{"@type":"ListItem","position":4,"name":"Grupi M\u00ebsimor K\u00ebrkimor Q\u00ebndra e Gjuh\u00ebve t\u00eb Huaja","item":"https:\/\/fimif.edu.al\/departamentet\/qendra-e-gjuheve-te-huaja\/grupi-mesimor-kerkimor-qendra-e-gjuheve-te-huaja\/"},{"@type":"ListItem","position":5,"name":"Gjuh\u00eb t\u00eb Tjera","item":"https:\/\/fimif.edu.al\/departamentet\/qendra-e-gjuheve-te-huaja\/grupi-mesimor-kerkimor-qendra-e-gjuheve-te-huaja\/gjuhe-te-tjera\/"},{"@type":"ListItem","position":6,"name":"CV Silvana VISHKURTI"}]},{"@type":"WebSite","@id":"https:\/\/fimif.edu.al\/#website","url":"https:\/\/fimif.edu.al\/","name":"Fakulteti i Inxhinieris\u00eb Matematike dhe Inxhinieris\u00eb Fizike","description":"FIMIF, UPT Tirane","publisher":{"@id":"https:\/\/fimif.edu.al\/#organization"},"potentialAction":[{"@type":"SearchAction","target":{"@type":"EntryPoint","urlTemplate":"https:\/\/fimif.edu.al\/?s={search_term_string}"},"query-input":{"@type":"PropertyValueSpecification","valueRequired":true,"valueName":"search_term_string"}}],"inLanguage":"en-GB"},{"@type":"Organization","@id":"https:\/\/fimif.edu.al\/#organization","name":"Fakulteti i Inxhinieris\u00eb Matematike dhe Inxhinieris\u00eb Fizike","url":"https:\/\/fimif.edu.al\/","logo":{"@type":"ImageObject","inLanguage":"en-GB","@id":"https:\/\/fimif.edu.al\/#\/schema\/logo\/image\/","url":"https:\/\/fimif.edu.al\/wp-content\/uploads\/2024\/10\/Fimif-Logo.svg","contentUrl":"https:\/\/fimif.edu.al\/wp-content\/uploads\/2024\/10\/Fimif-Logo.svg","width":653,"height":219,"caption":"Fakulteti i Inxhinieris\u00eb Matematike dhe Inxhinieris\u00eb Fizike"},"image":{"@id":"https:\/\/fimif.edu.al\/#\/schema\/logo\/image\/"},"sameAs":["https:\/\/www.facebook.com\/p\/Departamenti-i-Inxhinierise-Matematike-FIMIF-UPT-100077435994252\/"]}]}},"_links":{"self":[{"href":"https:\/\/fimif.edu.al\/en\/wp-json\/wp\/v2\/pages\/3734","targetHints":{"allow":["GET"]}}],"collection":[{"href":"https:\/\/fimif.edu.al\/en\/wp-json\/wp\/v2\/pages"}],"about":[{"href":"https:\/\/fimif.edu.al\/en\/wp-json\/wp\/v2\/types\/page"}],"author":[{"embeddable":true,"href":"https:\/\/fimif.edu.al\/en\/wp-json\/wp\/v2\/users\/1"}],"replies":[{"embeddable":true,"href":"https:\/\/fimif.edu.al\/en\/wp-json\/wp\/v2\/comments?post=3734"}],"version-history":[{"count":7,"href":"https:\/\/fimif.edu.al\/en\/wp-json\/wp\/v2\/pages\/3734\/revisions"}],"predecessor-version":[{"id":3888,"href":"https:\/\/fimif.edu.al\/en\/wp-json\/wp\/v2\/pages\/3734\/revisions\/3888"}],"up":[{"embeddable":true,"href":"https:\/\/fimif.edu.al\/en\/wp-json\/wp\/v2\/pages\/5709"}],"wp:attachment":[{"href":"https:\/\/fimif.edu.al\/en\/wp-json\/wp\/v2\/media?parent=3734"}],"curies":[{"name":"wp","href":"https:\/\/api.w.org\/{rel}","templated":true}]}}